{"id":28,"date":"2022-06-13T02:20:43","date_gmt":"2022-06-13T02:20:43","guid":{"rendered":"http:\/\/isabellarolz.com\/website\/?page_id=28"},"modified":"2022-06-20T18:09:15","modified_gmt":"2022-06-20T18:09:15","slug":"writing","status":"publish","type":"page","link":"http:\/\/isabellarolz.com\/website\/index.php\/writing\/","title":{"rendered":"Writing"},"content":{"rendered":"\n<div class=\"wp-block-cover alignwide is-light\" style=\"min-height:838px\"><span aria-hidden=\"true\" class=\"wp-block-cover__background has-background-dim\"><\/span><img loading=\"lazy\" width=\"1620\" height=\"1081\" class=\"wp-block-cover__image-background wp-image-95\" alt=\"\" src=\"http:\/\/isabellarolz.com\/website\/wp-content\/uploads\/2022\/06\/AdobeStock_173865754.jpeg\" style=\"object-position:100% 74%\" data-object-fit=\"cover\" data-object-position=\"100% 74%\" srcset=\"http:\/\/isabellarolz.com\/website\/wp-content\/uploads\/2022\/06\/AdobeStock_173865754.jpeg 1620w, http:\/\/isabellarolz.com\/website\/wp-content\/uploads\/2022\/06\/AdobeStock_173865754-300x200.jpeg 300w, http:\/\/isabellarolz.com\/website\/wp-content\/uploads\/2022\/06\/AdobeStock_173865754-1024x683.jpeg 1024w, http:\/\/isabellarolz.com\/website\/wp-content\/uploads\/2022\/06\/AdobeStock_173865754-768x512.jpeg 768w, http:\/\/isabellarolz.com\/website\/wp-content\/uploads\/2022\/06\/AdobeStock_173865754-1536x1025.jpeg 1536w, http:\/\/isabellarolz.com\/website\/wp-content\/uploads\/2022\/06\/AdobeStock_173865754-1568x1046.jpeg 1568w\" sizes=\"(max-width: 1620px) 100vw, 1620px\" \/><div class=\"wp-block-cover__inner-container\">\n<p class=\"has-background-color has-text-color has-large-font-size\"><\/p>\n\n\n\n<p class=\"has-background-color has-text-color has-large-font-size\"><br><br><br><br><br><\/p>\n<\/div><\/div>\n\n\n\n<div style=\"height:15px\" aria-hidden=\"true\" class=\"wp-block-spacer\"><\/div>\n\n\n<ul class=\"wp-block-latest-posts__list has-dates has-author alignwide wp-block-latest-posts\"><li><a class=\"wp-block-latest-posts__post-title\" href=\"http:\/\/isabellarolz.com\/website\/index.php\/2024\/06\/15\/turismo-comunitario-la-tecnica-agropecuaria\/\">Turismo Comunitario: La T\u00e9cnica Agropecuaria<\/a><div class=\"wp-block-latest-posts__post-author\">by isabella<\/div><time datetime=\"2024-06-15T23:03:13+00:00\" class=\"wp-block-latest-posts__post-date\">June 15, 2024<\/time><div class=\"wp-block-latest-posts__post-excerpt\"><\/div><\/li>\n<li><a class=\"wp-block-latest-posts__post-title\" href=\"http:\/\/isabellarolz.com\/website\/index.php\/2022\/06\/30\/hope-always-comes-from-the-people-gen-zs-new-language-of-resistance\/\">Hope Always Comes From the People\u2019: Gen Z\u2019s New Language of Resistance<\/a><div class=\"wp-block-latest-posts__post-author\">by isabella<\/div><time datetime=\"2022-06-30T00:48:03+00:00\" class=\"wp-block-latest-posts__post-date\">June 30, 2022<\/time><div class=\"wp-block-latest-posts__post-excerpt\">By&nbsp;Jorge Rodriguez&nbsp;,&nbsp;Isabella Rolz June 28, 2022 Greta Thunberg\u2019s impact on environmental activism caught the attention of world leaders, including&nbsp;Donald Trump, back in 2018. Thunberg, who is known for her direct and unapologetic style, was 15 when she first stepped into the spotlight. Since then, she has had a heavy hand in shaping the next generation of climate activists, inspiring thousands of members of Generation Z, also known as zoomers, to join<a class=\"more-link\" href=\"http:\/\/isabellarolz.com\/website\/index.php\/2022\/06\/30\/hope-always-comes-from-the-people-gen-zs-new-language-of-resistance\/\">Continue reading <span class=\"screen-reader-text\">&#8220;Hope Always Comes From the People\u2019: Gen Z\u2019s New Language of Resistance&#8221;<\/span><\/a><\/div><\/li>\n<li><a class=\"wp-block-latest-posts__post-title\" href=\"http:\/\/isabellarolz.com\/website\/index.php\/2022\/06\/25\/la-otra-epidemia-de-guatemala-la-dura-realidad-de-ser-mujer\/\">La otra epidemia de Guatemala: la dura realidad de ser mujer<\/a><div class=\"wp-block-latest-posts__post-author\">by isabella<\/div><time datetime=\"2022-06-25T05:51:48+00:00\" class=\"wp-block-latest-posts__post-date\">June 25, 2022<\/time><div class=\"wp-block-latest-posts__post-excerpt\">&#8220;Pese a que el feminismo se ha conformado gradualmente para modificar la perspectiva patriarcal imperante en el pa\u00eds, a\u00fan es una palabra que genera falsos prejuicios y estereotipos sociales. La gente parece creer que el feminismo s\u00f3lo busca la superioridad de la mujer y es por eso de que lo ven de forma negativa. Cuando en realidad, es un movimiento que busca la equidad de g\u00e9nero&#8221;. OPINI\u00d3N ISABELLA ROLZ. Periodista biling\u00fce<a class=\"more-link\" href=\"http:\/\/isabellarolz.com\/website\/index.php\/2022\/06\/25\/la-otra-epidemia-de-guatemala-la-dura-realidad-de-ser-mujer\/\">Continue reading <span class=\"screen-reader-text\">&#8220;La otra epidemia de Guatemala: la dura realidad de ser mujer&#8221;<\/span><\/a><\/div><\/li>\n<li><a class=\"wp-block-latest-posts__post-title\" href=\"http:\/\/isabellarolz.com\/website\/index.php\/2022\/06\/25\/pandemiadesinformados-y-desconfiados-los-latinos-en-estados-unidos-sin-vacuna-y-presa-del-covid\/\">Pandemia<br>\u201cDesinformados y desconfiados\u201d: los latinos en Estados Unidos sin vacuna y presa del covid<\/a><div class=\"wp-block-latest-posts__post-author\">by isabella<\/div><time datetime=\"2022-06-25T05:49:26+00:00\" class=\"wp-block-latest-posts__post-date\">June 25, 2022<\/time><div class=\"wp-block-latest-posts__post-excerpt\">Los hispanos representan el 23,7% de los casos de covid en el pa\u00eds. Apenas el 10,6% recibi\u00f3 una dosis de la vacuna. Los motivos. Una mujer latina durante un testeo de covid en Los \u00c1ngeles. Foto: EFE A medida que la Delta y otras variantes m\u00e1s transmisibles&nbsp;se extienden por los Estados Unidos,&nbsp;la poblaci\u00f3n no vacunada&nbsp;sigue corriendo un mayor riesgo de infectarse, enfermarse gravemente, o morir. Y la comunidad latina parece estar&nbsp;primera<a class=\"more-link\" href=\"http:\/\/isabellarolz.com\/website\/index.php\/2022\/06\/25\/pandemiadesinformados-y-desconfiados-los-latinos-en-estados-unidos-sin-vacuna-y-presa-del-covid\/\">Continue reading <span class=\"screen-reader-text\">&#8220;Pandemia<br>\u201cDesinformados y desconfiados\u201d: los latinos en Estados Unidos sin vacuna y presa del covid&#8221;<\/span><\/a><\/div><\/li>\n<li><a class=\"wp-block-latest-posts__post-title\" href=\"http:\/\/isabellarolz.com\/website\/index.php\/2022\/06\/25\/guatemala-lucha-por-recuperar-a-los-turistas-internacionales-alejados-por-la-pandemia\/\">Guatemala lucha por recuperar a los turistas internacionales alejados por la pandemia<\/a><div class=\"wp-block-latest-posts__post-author\">by isabella<\/div><time datetime=\"2022-06-25T05:45:18+00:00\" class=\"wp-block-latest-posts__post-date\">June 25, 2022<\/time><div class=\"wp-block-latest-posts__post-excerpt\">Los visitantes extranjeros han pr\u00e1cticamente desaparecido en este pa\u00eds centroamericano durante la pandemia. Si bien la propagaci\u00f3n de variantes como \u00f3micron podr\u00edan demorar la recuperaci\u00f3n del turismo, el sector mantiene la esperanza de un mejor escenario en 2022. POR::ISABELLA ROLZPUBLICADO 2 ENE 2022 \u2013 12:43 PM EST | ACTUALIZADO 4 ENE 2022 \u2013 08:59 AM EST Jes\u00fas Yat, un gu\u00eda tur\u00edstico de Guatemala que ha dedicado la mayor parte de su<a class=\"more-link\" href=\"http:\/\/isabellarolz.com\/website\/index.php\/2022\/06\/25\/guatemala-lucha-por-recuperar-a-los-turistas-internacionales-alejados-por-la-pandemia\/\">Continue reading <span class=\"screen-reader-text\">&#8220;Guatemala lucha por recuperar a los turistas internacionales alejados por la pandemia&#8221;<\/span><\/a><\/div><\/li>\n<li><a class=\"wp-block-latest-posts__post-title\" href=\"http:\/\/isabellarolz.com\/website\/index.php\/2022\/06\/25\/la-dama-del-polvo-mi-madre-era-mucho-mas-que-esa-foto-que-la-volvio-inmortal\/\">La dama del polvo: &#8220;Mi madre era mucho m\u00e1s que esa foto que la volvi\u00f3 inmortal&#8221;<\/a><div class=\"wp-block-latest-posts__post-author\">by isabella<\/div><time datetime=\"2022-06-25T05:42:32+00:00\" class=\"wp-block-latest-posts__post-date\">June 25, 2022<\/time><div class=\"wp-block-latest-posts__post-excerpt\">Texto:&nbsp;Isabella Rolz Noelle Borders ten\u00eda 8 a\u00f1os cuando la imagen de su mama, cubierta de polvo, dio la vuelta al mundo. Marcy Borders muri\u00f3 en 2015 por un c\u00e1ncer provocado por las toxinas que aspir\u00f3 durante el derrumbe. Isabella Rolz Actualizado al 10\/09\/2021 10:47 Noelle Borders (28) recuerda claramente los atentados del 11 de septiembre de 2001,&nbsp;un d\u00eda de p\u00e1nico e incertidumbre para ella y el resto de su familia. Es<a class=\"more-link\" href=\"http:\/\/isabellarolz.com\/website\/index.php\/2022\/06\/25\/la-dama-del-polvo-mi-madre-era-mucho-mas-que-esa-foto-que-la-volvio-inmortal\/\">Continue reading <span class=\"screen-reader-text\">&#8220;La dama del polvo: &#8220;Mi madre era mucho m\u00e1s que esa foto que la volvi\u00f3 inmortal&#8221;&#8221;<\/span><\/a><\/div><\/li>\n<li><a class=\"wp-block-latest-posts__post-title\" href=\"http:\/\/isabellarolz.com\/website\/index.php\/2022\/06\/25\/new-york-city-psychiatrist-helps-first-care-responders-since-9-11-attacks\/\">New York City Psychiatrist Helps First Care Responders Since 9\/11 Attacks<\/a><div class=\"wp-block-latest-posts__post-author\">by isabella<\/div><time datetime=\"2022-06-25T05:39:59+00:00\" class=\"wp-block-latest-posts__post-date\">June 25, 2022<\/time><div class=\"wp-block-latest-posts__post-excerpt\">11th September 2001: a fateful morning that took the lives of 3,000 Americans and people from other nationalities. Terror,&nbsp;violence, and&nbsp;panic&nbsp;were present across New York City. For first care responders who moved quickly, provided services to save as many lives as possible and put their own lives at risk, the years after brought consequences, including severe&nbsp;trauma,&nbsp;pain,&nbsp;depression, and&nbsp;anxiety.&nbsp; Thomas Demaria, a psychiatrist from New York City, has specialised in treating&nbsp;firefighters, police officers, and<a class=\"more-link\" href=\"http:\/\/isabellarolz.com\/website\/index.php\/2022\/06\/25\/new-york-city-psychiatrist-helps-first-care-responders-since-9-11-attacks\/\">Continue reading <span class=\"screen-reader-text\">&#8220;New York City Psychiatrist Helps First Care Responders Since 9\/11 Attacks&#8221;<\/span><\/a><\/div><\/li>\n<li><a class=\"wp-block-latest-posts__post-title\" href=\"http:\/\/isabellarolz.com\/website\/index.php\/2022\/06\/25\/innovative-solutions-are-needed-to-tackle-the-american-opioid-crisis\/\">Innovative Solutions Are Needed To Tackle The American Opioid Crisis<\/a><div class=\"wp-block-latest-posts__post-author\">by isabella<\/div><time datetime=\"2022-06-25T05:37:27+00:00\" class=\"wp-block-latest-posts__post-date\">June 25, 2022<\/time><div class=\"wp-block-latest-posts__post-excerpt\">General Advocacy On a cold Sunday, I met 32-year-old Anthony Johnson who has been wandering the streets of the Bronx for more than seven years. He told me has no home or family and has lived in multiple shelters, none of which have helped him recover from his devastating reality: heroin and cocaine addiction. A former pickpocket, Johnson now sells recyclables to homeless people, to pay for the drugs he takes<a class=\"more-link\" href=\"http:\/\/isabellarolz.com\/website\/index.php\/2022\/06\/25\/innovative-solutions-are-needed-to-tackle-the-american-opioid-crisis\/\">Continue reading <span class=\"screen-reader-text\">&#8220;Innovative Solutions Are Needed To Tackle The American Opioid Crisis&#8221;<\/span><\/a><\/div><\/li>\n<li><a class=\"wp-block-latest-posts__post-title\" href=\"http:\/\/isabellarolz.com\/website\/index.php\/2022\/06\/25\/toledo-the-worlds-finest-swords\/\">Toledo: The World\u2019s Finest Swords<\/a><div class=\"wp-block-latest-posts__post-author\">by isabella<\/div><time datetime=\"2022-06-25T05:24:57+00:00\" class=\"wp-block-latest-posts__post-date\">June 25, 2022<\/time><div class=\"wp-block-latest-posts__post-excerpt\">Traditional Swords: Toledo,&nbsp;Spain&nbsp;@2022 Isabella Rolz It was a sunny yet cold morning in the ancient town of Toledo,&nbsp;Spain. I could feel the tourists\u2019 happiness wandering the narrow and colorful streets, delighted to explore a place that offers such a historical and archeological uniqueness. For no other reason, it is referred to as \u201cThe City of the Three Cultures,\u201d where Christians, Muslims, and Jews left their mark and legacy in one area.<a class=\"more-link\" href=\"http:\/\/isabellarolz.com\/website\/index.php\/2022\/06\/25\/toledo-the-worlds-finest-swords\/\">Continue reading <span class=\"screen-reader-text\">&#8220;Toledo: The World\u2019s Finest Swords&#8221;<\/span><\/a><\/div><\/li>\n<li><a class=\"wp-block-latest-posts__post-title\" href=\"http:\/\/isabellarolz.com\/website\/index.php\/2022\/06\/25\/in-central-america-local-communities-help-parrot-species-avoid-extinction\/\">In Central America, Local Communities Help Parrot Species Avoid Extinction<\/a><div class=\"wp-block-latest-posts__post-author\">by isabella<\/div><time datetime=\"2022-06-25T05:22:37+00:00\" class=\"wp-block-latest-posts__post-date\">June 25, 2022<\/time><div class=\"wp-block-latest-posts__post-excerpt\">By&nbsp;Isabella Rolz&nbsp;,&nbsp;Jorge Rodriguez June 6, 2022 For centuries, parrots of the family Psittacidae of Central America have been considered excellent pets, either because of their color, ability to speak, or easy adaptation to domestic life. But this has led to a lucrative illicit trade in the birds, particularly\u00a0scarlet macaws\u00a0and\u00a0yellow-naped parrots. To make matters worse, when these species are transported from the area whey they are stolen to the selling locations, an<a class=\"more-link\" href=\"http:\/\/isabellarolz.com\/website\/index.php\/2022\/06\/25\/in-central-america-local-communities-help-parrot-species-avoid-extinction\/\">Continue reading <span class=\"screen-reader-text\">&#8220;In Central America, Local Communities Help Parrot Species Avoid Extinction&#8221;<\/span><\/a><\/div><\/li>\n<li><a class=\"wp-block-latest-posts__post-title\" href=\"http:\/\/isabellarolz.com\/website\/index.php\/2022\/06\/25\/how-a-new-seed-gives-guatemalans-a-way-out-of-hunger-and-bad-health\/\">How a new seed gives Guatemalans a way out of hunger and bad health<\/a><div class=\"wp-block-latest-posts__post-author\">by isabella<\/div><time datetime=\"2022-06-25T05:17:31+00:00\" class=\"wp-block-latest-posts__post-date\">June 25, 2022<\/time><div class=\"wp-block-latest-posts__post-excerpt\">Words byIsabella Rolz Poor farmers in Guatemala eat little but maize. A first step out of malnutrition is a new seed bred to yield the vitamins and minerals they need Steep slopes, sweltering weather, poverty and malnutrition: this is Camot\u00e1n, a town in south-eastern Guatemala, home to the brothers Luis and Antonio Mej\u00eda. They have no monetary income: they live off the maize they harvest. Both are married fathers of young<a class=\"more-link\" href=\"http:\/\/isabellarolz.com\/website\/index.php\/2022\/06\/25\/how-a-new-seed-gives-guatemalans-a-way-out-of-hunger-and-bad-health\/\">Continue reading <span class=\"screen-reader-text\">&#8220;How a new seed gives Guatemalans a way out of hunger and bad health&#8221;<\/span><\/a><\/div><\/li>\n<li><a class=\"wp-block-latest-posts__post-title\" href=\"http:\/\/isabellarolz.com\/website\/index.php\/2022\/06\/25\/a-ballet-of-living-hell-ex-dancer-recounts-her-battle-with-anorexia\/\">A ballet of \u2018living hell\u2019: Ex-dancer recounts her battle with anorexia<\/a><div class=\"wp-block-latest-posts__post-author\">by isabella<\/div><time datetime=\"2022-06-25T05:14:05+00:00\" class=\"wp-block-latest-posts__post-date\">June 25, 2022<\/time><div class=\"wp-block-latest-posts__post-excerpt\">By&nbsp;Isabella Rolz November 11, 2018 at 9:00 a.m. EST Anais Garcia, 21, anxiously stares at the menu of a Bob Evans restaurant in Baltimore. Her dark brown eyes gravitate toward the Fit and Healthy section, which lists calories per meal. She takes a long time figuring out what to order and decides to go with her \u201csafe meal,\u201d a small stack of pancakes, with no butter, reduced-calorie syrup, a small bowl<a class=\"more-link\" href=\"http:\/\/isabellarolz.com\/website\/index.php\/2022\/06\/25\/a-ballet-of-living-hell-ex-dancer-recounts-her-battle-with-anorexia\/\">Continue reading <span class=\"screen-reader-text\">&#8220;A ballet of \u2018living hell\u2019: Ex-dancer recounts her battle with anorexia&#8221;<\/span><\/a><\/div><\/li>\n<li><a class=\"wp-block-latest-posts__post-title\" href=\"http:\/\/isabellarolz.com\/website\/index.php\/2022\/06\/25\/135\/\">Adventure awaits in Central America. Now it just needs tourists to return.<\/a><div class=\"wp-block-latest-posts__post-author\">by isabella<\/div><time datetime=\"2022-06-25T05:04:19+00:00\" class=\"wp-block-latest-posts__post-date\">June 25, 2022<\/time><div class=\"wp-block-latest-posts__post-excerpt\">Havens for adventure travel such as Costa Rica and Guatemala have struggled to bring tourists back By&nbsp;Isabella Rolz&nbsp;and&nbsp; Giulia Cecilia Morpurgo January 25, 2022 at 8:00 a.m. EST YAXH\u00c1 NATIONAL PARK, Guatemala \u2014 As the cloudless sky turned orange on an October evening, tourists admired the spectacle from Structure 216, the highest pyramid in the Mayan archaeological site of Yaxh\u00e1 here. The only sounds to be heard were the noise of<a class=\"more-link\" href=\"http:\/\/isabellarolz.com\/website\/index.php\/2022\/06\/25\/135\/\">Continue reading <span class=\"screen-reader-text\">&#8220;Adventure awaits in Central America. Now it just needs tourists to return.&#8221;<\/span><\/a><\/div><\/li>\n<\/ul>","protected":false},"excerpt":{"rendered":"","protected":false},"author":1,"featured_media":0,"parent":0,"menu_order":0,"comment_status":"closed","ping_status":"closed","template":"blog\/page-templates\/full-width.php","meta":[],"_links":{"self":[{"href":"http:\/\/isabellarolz.com\/website\/index.php\/wp-json\/wp\/v2\/pages\/28"}],"collection":[{"href":"http:\/\/isabellarolz.com\/website\/index.php\/wp-json\/wp\/v2\/pages"}],"about":[{"href":"http:\/\/isabellarolz.com\/website\/index.php\/wp-json\/wp\/v2\/types\/page"}],"author":[{"embeddable":true,"href":"http:\/\/isabellarolz.com\/website\/index.php\/wp-json\/wp\/v2\/users\/1"}],"replies":[{"embeddable":true,"href":"http:\/\/isabellarolz.com\/website\/index.php\/wp-json\/wp\/v2\/comments?post=28"}],"version-history":[{"count":16,"href":"http:\/\/isabellarolz.com\/website\/index.php\/wp-json\/wp\/v2\/pages\/28\/revisions"}],"predecessor-version":[{"id":123,"href":"http:\/\/isabellarolz.com\/website\/index.php\/wp-json\/wp\/v2\/pages\/28\/revisions\/123"}],"wp:attachment":[{"href":"http:\/\/isabellarolz.com\/website\/index.php\/wp-json\/wp\/v2\/media?parent=28"}],"curies":[{"name":"wp","href":"https:\/\/api.w.org\/{rel}","templated":true}]}}